{"id":16,"date":"2023-01-09T15:45:36","date_gmt":"2023-01-09T15:45:36","guid":{"rendered":"https:\/\/temu.bsc.es\/pln_salud\/?page_id=16"},"modified":"2023-01-24T12:52:58","modified_gmt":"2023-01-24T12:52:58","slug":"programa","status":"publish","type":"page","link":"https:\/\/temu.bsc.es\/pln_salud\/programa\/","title":{"rendered":"Agenda"},"content":{"rendered":"\n<h1 class=\"wp-block-heading\">Agenda del Infoday PLN en Salud 2023<\/h1>\n\n\n\n<p>Esta fue la agenda del Infoday del 13 de enero de 2023. Junto a cada sesi\u00f3n y mesa redonda se puede acceder a la grabaci\u00f3n y diapositivas correspondientes. Si quieres ver el v\u00eddeo del evento completo tambi\u00e9n puedes hacerlo desde <a href=\"https:\/\/www.youtube.com\/watch?v=FClpk7qQ_os\" target=\"_blank\" rel=\"noreferrer noopener\">este enlace<\/a>.<\/p>\n\n\n\n<p><\/p>\n\n\n\n<p class=\"has-background has-medium-font-size\" style=\"background-color:#0792e336\"><strong>10:00-11:30<\/strong> Acreditaciones y registro de participantes<\/p>\n\n\n\n<p class=\"has-background has-medium-font-size\" style=\"background-color:#0792e336\"><strong>11:30-11:50<\/strong> Bienvenida (<a href=\"https:\/\/youtu.be\/WsKKqxCjSYg\" target=\"_blank\" rel=\"noreferrer noopener\">YouTube<\/a>)<\/p>\n\n\n\n<ul class=\"wp-block-list\">\n<li>Alfonso Valencia, BSC<\/li>\n\n\n\n<li>Dr. Antoni Castells, Director M\u00e9dico del Hospital Cl\u00ednic<\/li>\n\n\n\n<li>Jes\u00fas Pinilla, Secretar\u00eda de Estado de Digitalizaci\u00f3n e Inteligencia Artificial (SEDIA)<\/li>\n<\/ul>\n\n\n\n<p class=\"has-background has-medium-font-size\" style=\"background-color:#0792e336\"><strong>11:50-12:00<\/strong> Presentaci\u00f3n del Plan Nacional de TL y Nueva econom\u00eda del lenguaje: aplicaciones en salud, biomedicina. El valor de los datos para el desarrollo tecnol\u00f3gico.<\/p>\n\n\n\n<ul class=\"wp-block-list\">\n<li>Jes\u00fas Pinilla, Secretar\u00eda de Estado de Digitalizaci\u00f3n e Inteligencia Artificial (SEDIA)<\/li>\n<\/ul>\n\n\n\n<p class=\"has-background has-medium-font-size\" style=\"background-color:#0792e336\"><strong>12:00-12:45<\/strong> Sesi\u00f3n 1: Anonimizaci\u00f3n de datos en Salud: protocolos, recursos y corpus con datos anonimizados (<a href=\"https:\/\/youtu.be\/EmJycPLV4yo\" target=\"_blank\" rel=\"noreferrer noopener\">YouTube<\/a>)<\/p>\n\n\n\n<p><strong>Moderadora:<\/strong> Maria Antonia Marti &#8211; UB<\/p>\n\n\n\n<ul class=\"wp-block-list\">\n<li><strong>Charla 1:<\/strong> Impacto, relevancia y estrategias de anonimizaci\u00f3n de textos cl\u00ednicos. (<a rel=\"noreferrer noopener\" href=\"https:\/\/temu.bsc.es\/pln_salud\/wp-content\/uploads\/2023\/01\/INFODAY_2023-SESION-1-CHARLA-1-MARTIN-Impacto-Anonimizacion_corta.pptx\" target=\"_blank\">Diapositivas<\/a>)\n<ul class=\"wp-block-list\">\n<li>Ponente: Martin Krallinger &#8211; BSC (5 min) <\/li>\n<\/ul>\n<\/li>\n\n\n\n<li><strong>Charla 2:<\/strong> Creaci\u00f3n del corpus CARMEN-I: estructura de informaci\u00f3n, protocolo y gu\u00edas de procesos de anotaci\u00f3n y anonimizaci\u00f3n, esquemas de anotaci\u00f3n y control de calidad. (<a rel=\"noreferrer noopener\" href=\"https:\/\/temu.bsc.es\/pln_salud\/wp-content\/uploads\/2023\/01\/INFODAY_2023-SESION-1-CHARLA-2-SALVA-Overview-Anonimizacion-CARMEN1.pptx\" target=\"_blank\">Diapositivas<\/a>)\n<ul class=\"wp-block-list\">\n<li>Ponente: Salvador Lima &#8211; BSC (10 min) <\/li>\n<\/ul>\n<\/li>\n\n\n\n<li><strong>Charla 3:<\/strong> Aspectos cl\u00ednicos de relevancia para la creaci\u00f3n de datos anonimizados en el contexto del corpus CARMEN-I. (<a href=\"https:\/\/temu.bsc.es\/pln_salud\/wp-content\/uploads\/2023\/01\/INFODAY_2023-SESION-1-CHARLA-3-XAVI-Aspectos-Clinicos-Anonimizacion.pptx\" target=\"_blank\" rel=\"noreferrer noopener\">Diapositivas<\/a>)\n<ul class=\"wp-block-list\">\n<li>Ponente: Xavier Pastor &#8211; Hospital Cl\u00ednic de Barcelona (10 min)<\/li>\n<\/ul>\n<\/li>\n\n\n\n<li>Preguntas de asistentes y conclusiones (15 min)<\/li>\n<\/ul>\n\n\n\n<p class=\"has-background has-medium-font-size\" style=\"background-color:#0792e336\"><strong>12:45-13:30<\/strong>  Mesa Redonda 1: Relevancia, necesidades, estrategias e impacto de datos anonimizados en Salud. (<a href=\"https:\/\/youtu.be\/FUckDt2HwFQ\" data-type=\"URL\" data-id=\"https:\/\/youtu.be\/FUckDt2HwFQ\" target=\"_blank\" rel=\"noreferrer noopener\">YouTube<\/a> | <a rel=\"noreferrer noopener\" href=\"https:\/\/temu.bsc.es\/pln_salud\/wp-content\/uploads\/2023\/01\/Presentacion_mesa_redonda1.pptx\" target=\"_blank\">Diapositivas<\/a>)<\/p>\n\n\n\n<p><strong>Moderador:<\/strong> Xavier Pastor, Hospital Cl\u00ednic de Barcelona<\/p>\n\n\n\n<p><strong>Participantes:<\/strong><\/p>\n\n\n\n<ul class=\"wp-block-list\">\n<li>Carlos Parra, Hospital Virgen del Rocio<\/li>\n\n\n\n<li>Miguel \u00c1ngel Maci\u00e1 Mart\u00ednez, Coordinador del Programa BIFAP Agencia Espa\u00f1ola de Medicamentos y Productos Sanitarios (AEMPS)<\/li>\n\n\n\n<li>Adolfo Mu\u00f1oz Carrero, Instituto de Salud Carlos III<\/li>\n\n\n\n<li>Artur Conesa, Jefe de Documentaci\u00f3n Cl\u00ednica del Hospital Cl\u00ednic de Barcelona<\/li>\n<\/ul>\n\n\n\n<p>Los temas a tratar incluyen:<\/p>\n\n\n\n<ul class=\"wp-block-list\">\n<li>Importancia de sistemas basados en IA en el \u00e1mbito cl\u00ednico para generar datos accesibles.<\/li>\n\n\n\n<li>Relevancia de datos no estructurados y anonimizaci\u00f3n mediante t\u00e9cnicas de PLN.<\/li>\n\n\n\n<li>Usos y aplicaciones de los datos cl\u00ednicos anonimizados en el entorno cl\u00ednico.<\/li>\n\n\n\n<li>Dificultades, retos y aspectos \u00e9ticos y legales para la generaci\u00f3n de datos anonimizados en el entorno de salud.<\/li>\n<\/ul>\n\n\n\n<p class=\"has-background has-medium-font-size\" style=\"background-color:#0792e336\"><strong>13:30-14:30<\/strong> Pausa para el almuerzo<\/p>\n\n\n\n<p class=\"has-background has-medium-font-size\" style=\"background-color:#0792e336\"><strong>14:30 &#8211; 15:15<\/strong> Sesi\u00f3n 2: Desarrollo y sistemas de PLN cl\u00ednico: recursos y herramientas de IA para el aprovechamiento de historia cl\u00ednica (<a href=\"https:\/\/youtu.be\/GZhxvDLyZpw\" target=\"_blank\" rel=\"noreferrer noopener\">YouTube<\/a>)<\/p>\n\n\n\n<p><strong>Moderador:<\/strong> Martin Krallinger, BSC<\/p>\n\n\n\n<ul class=\"wp-block-list\">\n<li><strong>Charla 1: <\/strong>Generaci\u00f3n de datos anotados para el desarrollo de sistemas avanzados de PLN cl\u00ednico de calidad. (<a href=\"https:\/\/temu.bsc.es\/pln_salud\/wp-content\/uploads\/2023\/01\/INFODAY_2023-SESION-2-CHARLA-1-SALVA-Anotacion-NER-CARMEN1.pptx\" target=\"_blank\" rel=\"noreferrer noopener\">Diapositivas<\/a>)\n<ul class=\"wp-block-list\">\n<li>Ponente: Salvador Lima &#8211; BSC (10 min)<\/li>\n<\/ul>\n<\/li>\n\n\n\n<li><strong>Charla 2: <\/strong>Integrando el conocimiento cl\u00ednico en sistemas de IA: aprendiendo del experto. (<a href=\"https:\/\/temu.bsc.es\/pln_salud\/wp-content\/uploads\/2023\/01\/INFODAY_2023-SESION-2-CHARLA-2-SANTI-Integracion-Conocimiento-Clinico.pptx\" target=\"_blank\" rel=\"noreferrer noopener\">Diapositivas<\/a>)\n<ul class=\"wp-block-list\">\n<li>Ponente: Santiago Frid &#8211; Hospital Cl\u00ednic de Barcelona (10 min)<\/li>\n<\/ul>\n<\/li>\n\n\n\n<li><strong>Charla 3: <\/strong>Armonizaci\u00f3n y normalizaci\u00f3n de datos cl\u00ednicos extra\u00eddos mediante t\u00e9cnicas de PLN: generaci\u00f3n autom\u00e1tica de datos estructurados. (<a href=\"https:\/\/temu.bsc.es\/pln_salud\/wp-content\/uploads\/2023\/01\/INFODAY_2023-SESION-2-CHARLA-3-LUIS-Armonizacion-y-normalizacion.pptx\" target=\"_blank\" rel=\"noreferrer noopener\">Diapositivas<\/a>)\n<ul class=\"wp-block-list\">\n<li>Ponente: Luis Gasco &#8211; BSC (10 min)<\/li>\n<\/ul>\n<\/li>\n\n\n\n<li>Preguntas de asistentes y conclusiones (15 min)<\/li>\n<\/ul>\n\n\n\n<p class=\"has-background has-medium-font-size\" style=\"background-color:#0792e336\"><strong>15:15-15:30<\/strong> Pausa para caf\u00e9<\/p>\n\n\n\n<p class=\"has-background has-medium-font-size\" style=\"background-color:#0792e336\"><strong>15:30 &#8211; 16:30<\/strong> Mesa Redonda 2: Aplicaciones y desarrollo de IA de calidad: retos, necesidades y oportunidades de tecnolog\u00edas del lenguaje aplicados al dominio de salud y biomedicina (<a href=\"https:\/\/youtu.be\/iKlb3DrsnYI\" target=\"_blank\" rel=\"noreferrer noopener\">YouTube<\/a> | <a rel=\"noreferrer noopener\" href=\"https:\/\/temu.bsc.es\/pln_salud\/wp-content\/uploads\/2023\/01\/Presentacion-mesa-2.odp\" target=\"_blank\">Diapositivas<\/a>)<\/p>\n\n\n\n<p><strong>Moderador:<\/strong> Isaac Cano, IDIBAPS-Hospital Cl\u00ednic<br><strong>Participantes:<\/strong><\/p>\n\n\n\n<ul class=\"wp-block-list\">\n<li>Miguel Pedrera, Hospital Universitario 12 de Octubre<\/li>\n\n\n\n<li>Joan Calvet, Institut d&#8217;Investigaci\u00f3 i Innovaci\u00f3 Parc Taul\u00ed, Hospital de Sabadell<\/li>\n\n\n\n<li>Joaqu\u00edn Grande Baos, Servicio Canario de la Salud<\/li>\n\n\n\n<li>Andrea Guala, Vall d\u2019Hebron Instituto de Investigaci\u00f3n<\/li>\n\n\n\n<li>Antonio Jos\u00e9 Moreno Rojas, Coordinador de Interoperabilidad y Estrategia de Salud Digital, Servei Salut Illes Balears<\/li>\n<\/ul>\n\n\n\n<p>Los temas a tratar incluyen:<\/p>\n\n\n\n<ul class=\"wp-block-list\">\n<li>La historia cl\u00ednica electr\u00f3nica como fuente de datos para uso secundario, investigaci\u00f3n y modelos predictivos en el entorno cl\u00ednico.<\/li>\n\n\n\n<li>Oportunidades, aplicaciones y transferencia de recursos de IA\/PLN: academia, empresas y sector de salud.<\/li>\n\n\n\n<li>Importancia de escenarios de evaluaci\u00f3n de calidad, reproducibilidad y adaptaci\u00f3n de herramientas de PLN.<\/li>\n\n\n\n<li>Mecanismos de formaci\u00f3n y divulgaci\u00f3n de los avances tecnol\u00f3gicos y PLN en el \u00e1mbito de la salud.<\/li>\n\n\n\n<li>Importancia y necesidades de expertos en salud: PLN como herramienta y recurso de acceso, gesti\u00f3n y an\u00e1lisis de informaci\u00f3n.<\/li>\n\n\n\n<li>Necesidades de la academia e industria de tecnolog\u00edas del lenguaje e IA para el desarrollos de sistemas de calidad, competitivos y \u00fatiles.<\/li>\n<\/ul>\n\n\n\n<p class=\"has-background has-medium-font-size\" style=\"background-color:#0792e336\"><strong>16:30 &#8211; 17:30<\/strong> Mesa Redonda 3: Oportunidades, retos y tendencias de desarrollos innovadores basados en IA y Procesamiento del Lenguaje Natural para el sector de la salud (<a href=\"https:\/\/youtu.be\/oN9LL0qtATI\" target=\"_blank\" rel=\"noreferrer noopener\">YouTube<\/a>)<\/p>\n\n\n\n<p><strong>Moderador:<\/strong> Jes\u00fas Pinilla, Secretar\u00eda de Estado de Digitalizaci\u00f3n e Inteligencia Artificial (SEDIA)<\/p>\n\n\n\n<p><strong>Participantes:<\/strong><\/p>\n\n\n\n<ul class=\"wp-block-list\">\n<li>Ricardo Farreras, W4KIT<\/li>\n\n\n\n<li>Juli Climent, ASHO<\/li>\n\n\n\n<li>Gabriel de Maeztu, IOMED<\/li>\n\n\n\n<li>Ander Mart\u00ednez, Fujitsu Research of Europe<\/li>\n\n\n\n<li>Pilar L\u00f3pez-\u00dabeda, HT medica<\/li>\n<\/ul>\n\n\n\n<p>Los temas a tratar incluyen:<\/p>\n\n\n\n<ul class=\"wp-block-list\">\n<li>Tendencias del sector tecnol\u00f3gico de procesamiento de datos de salud: nuevos desarrollos de productos basados en IA y PLN<\/li>\n\n\n\n<li>Retos y barreras para la industria de tecnolog\u00edas del lenguaje y software inteligente para mejorar el aprovechamiento de la historia cl\u00ednica electr\u00f3nica<\/li>\n\n\n\n<li>Principales necesidades de empresas que quieren aprovechar recursos basados en los recientes avances de PLN<\/li>\n\n\n\n<li>Oportunidades, casos de \u00e9xito y escenarios de uso de IA en salud.<\/li>\n<\/ul>\n\n\n\n<p class=\"has-background has-medium-font-size\" style=\"background-color:#0792e336\"><strong>17:30-18:00<\/strong> Conclusiones, clausura y reflexi\u00f3n de la jornada (<a href=\"https:\/\/youtu.be\/SNYWEfPWMh4\" target=\"_blank\" rel=\"noreferrer noopener\">YouTube<\/a>)<\/p>\n\n\n\n<ul class=\"wp-block-list\">\n<li>Alfonso Valencia, BSC<\/li>\n\n\n\n<li> Xavier Pastor, Hospital Cl\u00ednic de Barcelona<\/li>\n\n\n\n<li>Jes\u00fas Pinilla, SEDIA<\/li>\n<\/ul>\n\n\n\n<p><\/p>\n\n\n\n<p><\/p>\n","protected":false},"excerpt":{"rendered":"<p>Agenda del Infoday PLN en Salud 2023 Esta fue la agenda del Infoday del 13 de enero de 2023. Junto a cada sesi\u00f3n y mesa redonda se puede acceder a la grabaci\u00f3n y diapositivas correspondientes. Si quieres ver el v\u00eddeo del evento completo tambi\u00e9n puedes hacerlo desde este enlace. 10:00-11:30 Acreditaciones y registro de participantes [&hellip;]<\/p>\n","protected":false},"author":1,"featured_media":0,"parent":0,"menu_order":0,"comment_status":"closed","ping_status":"closed","template":"","meta":{"footnotes":""},"class_list":["post-16","page","type-page","status-publish","hentry"],"_links":{"self":[{"href":"https:\/\/temu.bsc.es\/pln_salud\/wp-json\/wp\/v2\/pages\/16","targetHints":{"allow":["GET"]}}],"collection":[{"href":"https:\/\/temu.bsc.es\/pln_salud\/wp-json\/wp\/v2\/pages"}],"about":[{"href":"https:\/\/temu.bsc.es\/pln_salud\/wp-json\/wp\/v2\/types\/page"}],"author":[{"embeddable":true,"href":"https:\/\/temu.bsc.es\/pln_salud\/wp-json\/wp\/v2\/users\/1"}],"replies":[{"embeddable":true,"href":"https:\/\/temu.bsc.es\/pln_salud\/wp-json\/wp\/v2\/comments?post=16"}],"version-history":[{"count":11,"href":"https:\/\/temu.bsc.es\/pln_salud\/wp-json\/wp\/v2\/pages\/16\/revisions"}],"predecessor-version":[{"id":68,"href":"https:\/\/temu.bsc.es\/pln_salud\/wp-json\/wp\/v2\/pages\/16\/revisions\/68"}],"wp:attachment":[{"href":"https:\/\/temu.bsc.es\/pln_salud\/wp-json\/wp\/v2\/media?parent=16"}],"curies":[{"name":"wp","href":"https:\/\/api.w.org\/{rel}","templated":true}]}}